{"version":"1.0","provider_name":"LKT Wycz\u00f3\u0142 Go\u015bcieradz Polska","provider_url":"https:\/\/www.lktwg.com\/en","title":"6 Rajd Ziemi Wa\u0142eckiej za nami - LKT Wycz\u00f3\u0142 Go\u015bcieradz Polska","type":"rich","width":600,"height":338,"html":"<blockquote class=\"wp-embedded-content\"><a href=\"https:\/\/www.lktwg.com\/en\/6-rajd-ziemi-waleckiej-nami\/\">6 Rajd Ziemi Wa\u0142eckiej za nami<\/a><\/blockquote>\n<script type='text\/javascript'>\n<!--\/\/--><![CDATA[\/\/><!--\n\t\t\/*! This file is auto-generated *\/\n\t\t!function(d,l){\"use strict\";var e=!1,n=!1;if(l.querySelector)if(d.addEventListener)e=!0;if(d.wp=d.wp||{},!d.wp.receiveEmbedMessage)if(d.wp.receiveEmbedMessage=function(e){var t=e.data;if(t)if(t.secret||t.message||t.value)if(!\/[^a-zA-Z0-9]\/.test(t.secret)){for(var r,i,a,s=l.querySelectorAll('iframe[data-secret=\"'+t.secret+'\"]'),n=l.querySelectorAll('blockquote[data-secret=\"'+t.secret+'\"]'),o=new RegExp(\"^https?:$\",\"i\"),c=0;c<n.length;c++)n[c].style.display=\"none\";for(c=0;c<s.length;c++)if(r=s[c],e.source===r.contentWindow){if(r.removeAttribute(\"style\"),\"height\"===t.message){if(1e3<(a=parseInt(t.value,10)))a=1e3;else if(~~a<200)a=200;r.height=a}if(\"link\"===t.message)if(i=l.createElement(\"a\"),a=l.createElement(\"a\"),i.href=r.getAttribute(\"src\"),a.href=t.value,o.test(a.protocol))if(a.host===i.host)if(l.activeElement===r)d.top.location.href=t.value}}},e)d.addEventListener(\"message\",d.wp.receiveEmbedMessage,!1),l.addEventListener(\"DOMContentLoaded\",t,!1),d.addEventListener(\"load\",t,!1);function t(){if(!n){n=!0;for(var e,t,r=-1!==navigator.appVersion.indexOf(\"MSIE 10\"),i=!!navigator.userAgent.match(\/Trident.*rv:11\\.\/),a=l.querySelectorAll(\"iframe.wp-embedded-content\"),s=0;s<a.length;s++){if(!(e=a[s]).getAttribute(\"data-secret\"))t=Math.random().toString(36).substr(2,10),e.src+=\"#?secret=\"+t,e.setAttribute(\"data-secret\",t);if(r||i)(t=e.cloneNode(!0)).removeAttribute(\"security\"),e.parentNode.replaceChild(t,e)}}}}(window,document);\n\/\/--><!]]>\n<\/script><iframe sandbox=\"allow-scripts\" security=\"restricted\" src=\"https:\/\/www.lktwg.com\/en\/6-rajd-ziemi-waleckiej-nami\/embed\/\" width=\"600\" height=\"338\" title=\"&#8220;6 Rajd Ziemi Wa\u0142eckiej za nami&#8221; &#8212; LKT Wycz\u00f3\u0142 Go\u015bcieradz Polska\" frameborder=\"0\" marginwidth=\"0\" marginheight=\"0\" scrolling=\"no\" class=\"wp-embedded-content\"><\/iframe>","thumbnail_url":"https:\/\/www.lktwg.com\/wp-content\/uploads\/2017\/06\/16602491_608402052702739_4061771630738156922_o.jpg","thumbnail_width":1920,"thumbnail_height":1282,"description":"Sorry, this entry is only available in Polish. For the sake of viewer convenience, the content is shown below in the alternative language. You may click the link to switch the active language. Ponad 50 aut rywalizowa\u0142o w miniony weekend w Wa\u0142czu w 6 rundzie Rajdu Ziemi Wa\u0142eckiej, kt\u00f3ra by\u0142a jednocze\u015bnie 3 eliminacj\u0105 cyklu Rajdowe..."}